{"id":6996,"date":"2020-11-30T01:55:39","date_gmt":"2020-11-30T01:55:39","guid":{"rendered":"https:\/\/demoapus2.com\/uomo-import\/?page_id=39"},"modified":"2024-06-11T10:00:06","modified_gmt":"2024-06-11T10:00:06","slug":"biografia","status":"publish","type":"page","link":"https:\/\/www.prenberisha.ch\/de\/biografia\/","title":{"rendered":"Biografia"},"content":{"rendered":"<div data-elementor-type=\"wp-page\" data-elementor-id=\"6996\" class=\"elementor elementor-6996\">\n\t\t\t\t\t\t<section class=\"elementor-section elementor-top-section elementor-element elementor-element-7b875e0 elementor-section-stretched elementor-section-boxed elementor-section-height-default elementor-section-height-default\" data-id=\"7b875e0\" data-element_type=\"section\" data-settings=\"{&quot;stretch_section&quot;:&quot;section-stretched&quot;}\">\n\t\t\t\t\t\t<div class=\"elementor-container elementor-column-gap-extended\">\n\t\t\t\t\t<div class=\"elementor-column elementor-col-100 elementor-top-column elementor-element elementor-element-71cbfdb\" data-id=\"71cbfdb\" data-element_type=\"column\">\n\t\t\t<div class=\"elementor-widget-wrap elementor-element-populated\">\n\t\t\t\t\t\t<div class=\"elementor-element elementor-element-baf2d6b elementor-widget elementor-widget-heading\" data-id=\"baf2d6b\" data-element_type=\"widget\" data-widget_type=\"heading.default\">\n\t\t\t\t<div class=\"elementor-widget-container\">\n\t\t\t<style>\/*! elementor - v3.21.0 - 26-05-2024 *\/\n.elementor-heading-title{padding:0;margin:0;line-height:1}.elementor-widget-heading .elementor-heading-title[class*=elementor-size-]>a{color:inherit;font-size:inherit;line-height:inherit}.elementor-widget-heading .elementor-heading-title.elementor-size-small{font-size:15px}.elementor-widget-heading .elementor-heading-title.elementor-size-medium{font-size:19px}.elementor-widget-heading .elementor-heading-title.elementor-size-large{font-size:29px}.elementor-widget-heading .elementor-heading-title.elementor-size-xl{font-size:39px}.elementor-widget-heading .elementor-heading-title.elementor-size-xxl{font-size:59px}<\/style><h2 class=\"elementor-heading-title elementor-size-default\">Udha e Artit: Rrethimi i Pamjes nga nj\u00eb Piktor <\/h2>\t\t<\/div>\n\t\t\t\t<\/div>\n\t\t\t\t\t<\/div>\n\t\t<\/div>\n\t\t\t\t\t<\/div>\n\t\t<\/section>\n\t\t\t\t<section class=\"elementor-section elementor-top-section elementor-element elementor-element-46bd28d elementor-section-content-middle elementor-section-stretched elementor-section-boxed elementor-section-height-default elementor-section-height-default\" data-id=\"46bd28d\" data-element_type=\"section\" data-settings=\"{&quot;stretch_section&quot;:&quot;section-stretched&quot;,&quot;background_background&quot;:&quot;classic&quot;}\">\n\t\t\t\t\t\t<div class=\"elementor-container elementor-column-gap-extended\">\n\t\t\t\t\t<div class=\"elementor-column elementor-col-50 elementor-top-column elementor-element elementor-element-621f13e\" data-id=\"621f13e\" data-element_type=\"column\">\n\t\t\t<div class=\"elementor-widget-wrap elementor-element-populated\">\n\t\t\t\t\t\t<div class=\"elementor-element elementor-element-b51c094 elementor-widget elementor-widget-image\" data-id=\"b51c094\" data-element_type=\"widget\" data-widget_type=\"image.default\">\n\t\t\t\t<div class=\"elementor-widget-container\">\n\t\t\t<style>\/*! elementor - v3.21.0 - 26-05-2024 *\/\n.elementor-widget-image{text-align:center}.elementor-widget-image a{display:inline-block}.elementor-widget-image a img[src$=\".svg\"]{width:48px}.elementor-widget-image img{vertical-align:middle;display:inline-block}<\/style>\t\t\t\t\t\t\t\t\t\t<img fetchpriority=\"high\" decoding=\"async\" width=\"576\" height=\"1024\" src=\"https:\/\/www.prenberisha.ch\/wp-content\/uploads\/2024\/04\/1-576x1024.png\" class=\"attachment-large size-large wp-image-7413\" alt=\"\" srcset=\"https:\/\/www.prenberisha.ch\/wp-content\/uploads\/2024\/04\/1-576x1024.png 576w, https:\/\/www.prenberisha.ch\/wp-content\/uploads\/2024\/04\/1-169x300.png 169w, https:\/\/www.prenberisha.ch\/wp-content\/uploads\/2024\/04\/1-768x1365.png 768w, https:\/\/www.prenberisha.ch\/wp-content\/uploads\/2024\/04\/1-864x1536.png 864w, https:\/\/www.prenberisha.ch\/wp-content\/uploads\/2024\/04\/1-600x1067.png 600w, https:\/\/www.prenberisha.ch\/wp-content\/uploads\/2024\/04\/1.png 1080w\" sizes=\"(max-width: 576px) 100vw, 576px\" \/>\t\t\t\t\t\t\t\t\t\t\t\t\t<\/div>\n\t\t\t\t<\/div>\n\t\t\t\t\t<\/div>\n\t\t<\/div>\n\t\t\t\t<div class=\"elementor-column elementor-col-50 elementor-top-column elementor-element elementor-element-70382f1\" data-id=\"70382f1\" data-element_type=\"column\" data-settings=\"{&quot;background_background&quot;:&quot;classic&quot;}\">\n\t\t\t<div class=\"elementor-widget-wrap elementor-element-populated\">\n\t\t\t\t\t\t<div class=\"elementor-element elementor-element-b4e4db7 elementor-widget elementor-widget-heading\" data-id=\"b4e4db7\" data-element_type=\"widget\" data-widget_type=\"heading.default\">\n\t\t\t\t<div class=\"elementor-widget-container\">\n\t\t\t<h2 class=\"elementor-heading-title elementor-size-default\">Pren Berisha<\/h2>\t\t<\/div>\n\t\t\t\t<\/div>\n\t\t\t\t<div class=\"elementor-element elementor-element-4300f6a elementor-widget elementor-widget-heading\" data-id=\"4300f6a\" data-element_type=\"widget\" data-widget_type=\"heading.default\">\n\t\t\t\t<div class=\"elementor-widget-container\">\n\t\t\t<h2 class=\"elementor-heading-title elementor-size-default\">Pren Gjok\u00eb Berisha lindi me 27. 03. 1963 n\u00eb fshatin Doberdol, shkoll\u00ebn fillore e kreu n\u00eb Ujmir\u00eb kurse t\u00eb mesmen n\u00eb Klin\u00eb, studioj n\u00eb Universitetin e Prishtin\u00eb n\u00eb fakultetin e bujqsis\u00eb. \n\n \n\nPas keq\u00ebsimit t\u00eb gjendjes ekonomiko-politike n\u00eb Kosov\u00eb, ne fund te viteve `90-ta t\u00eb shekullit t\u00eb kaluar Berisha migroj n\u00eb Zvic\u00ebr, ku edhe sot jeton dhe vepron. Ai n\u00eb Zvic\u00ebr me vite t\u00eb t\u00ebra punoi n\u00eb ndertimtari, se pari si muarator dhe pastaj ishte kryepun\u00ebtor. \n\n \n\nBerisha filloi t\u00eb merret me Art (vizatim) q\u00eb n\u00eb shkoll\u00ebn fillore, punimet e tij jan\u00eb p\u00ebrfshir\u00eb n\u00eb ekspozita t\u00eb ndryshme t\u00eb shkoll\u00ebs edhe ne Luzern ne muajin Janar te vitit 2024 ka realizu 2 ekspozita me punime te ndryshme. Koh\u00ebn e tij te lir\u00eb kryesisht ia kushtoj vizatimit. K\u00ebtu n\u00eb Zvic\u00ebr me sukses i kreu edhe disa module t\u00eb teknik\u00ebs se vizatimit si dhe t\u00eb ngjyrosjes, si p.sh teknik\u00ebn e akrylit. Motivet e Berish\u00ebs jan\u00eb t\u00eb ndryshme, por dominojn\u00eb ato patriotike. <\/h2>\t\t<\/div>\n\t\t\t\t<\/div>\n\t\t\t\t\t<\/div>\n\t\t<\/div>\n\t\t\t\t\t<\/div>\n\t\t<\/section>\n\t\t\t\t<section class=\"elementor-section elementor-top-section elementor-element elementor-element-5591452 elementor-section-content-middle elementor-section-stretched elementor-section-boxed elementor-section-height-default elementor-section-height-default\" data-id=\"5591452\" data-element_type=\"section\" data-settings=\"{&quot;stretch_section&quot;:&quot;section-stretched&quot;,&quot;background_background&quot;:&quot;classic&quot;}\">\n\t\t\t\t\t\t<div class=\"elementor-container elementor-column-gap-extended\">\n\t\t\t\t\t<div class=\"elementor-column elementor-col-50 elementor-top-column elementor-element elementor-element-436ec19\" data-id=\"436ec19\" data-element_type=\"column\" data-settings=\"{&quot;background_background&quot;:&quot;classic&quot;}\">\n\t\t\t<div class=\"elementor-widget-wrap elementor-element-populated\">\n\t\t\t\t\t\t<div class=\"elementor-element elementor-element-2aa0b20 elementor-widget elementor-widget-heading\" data-id=\"2aa0b20\" data-element_type=\"widget\" data-widget_type=\"heading.default\">\n\t\t\t\t<div class=\"elementor-widget-container\">\n\t\t\t<h2 class=\"elementor-heading-title elementor-size-default\">Nuk ka dyshim se arti \u00ebsht\u00eb nj\u00eb udh\u00ebtim i pasigurt, por piktor\u00ebt (artist\u00ebt) jan\u00eb ata shpirt\u00ebra kurajoz\u00eb q\u00eb kap\u00ebrcejn\u00eb kufijt\u00eb e panjohur p\u00ebr t\u00eb shprehur imagjinat\u00ebn dhe ndjenjat e tyre n\u00ebp\u00ebrmjet palet\u00ebs se tyre t\u00eb ngjyrave \n\n \n\nFillimi \u00ebsht\u00eb gjithmon\u00eb sfidues, pasi piktura dhe vizatimi n\u00eb p\u00ebrgjith\u00ebsi jan\u00eb nj\u00eb gjuh\u00eb e v\u00ebshtir\u00eb p\u00ebr tu m\u00ebsuar dhe p\u00ebr tu zotuar. Piktori \u00ebsht\u00eb nj\u00eb p\u00ebrkthyes i ndjenjave n\u00eb ngjyra dhe vizatim, duke u p\u00ebrpjekur t\u00eb sjell\u00eb n\u00eb jet\u00eb \u00e7do detaj q\u00eb z\u00eb vend n\u00eb mendjen e ti krijuese. \n\n \n\nBerisha \u00ebsht\u00eb nj\u00eb piktor eksplorues i bot\u00ebs s\u00eb pamjes dhe shpirtit. \u00cbsht\u00eb nj\u00eb udh\u00ebtar q\u00eb nuk ka frik\u00eb t\u00eb eksperimentoj\u00eb me forma, ngjyra dhe tekstura. Duke mos u ndalur para sfidave, shkon p\u00ebrtej kufijve t\u00eb njohurive t\u00eb tij dhe zbulon vende t\u00eb reja t\u00eb bukura n\u00eb bot\u00ebn e artit. \n\n \n\nPren Berisha me bashkshorten e vet jeton n\u00eb Geuensee t\u00eb kantonit t\u00eb Luzernit. \u00cbsht\u00eb n\u00eb penzion dhe n\u00eb vend t\u00eb pun\u00ebs n\u00eb kantier ai tani koh\u00ebn e kalon n\u00eb atelen\u00eb e vet. Jan\u00eb prind t\u00eb dy vajzave dhe nj\u00eb djali dhe gjysh dhe gjyshe t\u00eb disa nipave dhe mbesave <\/h2>\t\t<\/div>\n\t\t\t\t<\/div>\n\t\t\t\t\t<\/div>\n\t\t<\/div>\n\t\t\t\t<div class=\"elementor-column elementor-col-50 elementor-top-column elementor-element elementor-element-69c5798\" data-id=\"69c5798\" data-element_type=\"column\">\n\t\t\t<div class=\"elementor-widget-wrap elementor-element-populated\">\n\t\t\t\t\t\t<div class=\"elementor-element elementor-element-c04170c elementor-widget elementor-widget-image\" data-id=\"c04170c\" data-element_type=\"widget\" data-widget_type=\"image.default\">\n\t\t\t\t<div class=\"elementor-widget-container\">\n\t\t\t\t\t\t\t\t\t\t\t\t\t<img decoding=\"async\" width=\"660\" height=\"759\" src=\"https:\/\/www.prenberisha.ch\/wp-content\/uploads\/2024\/05\/PHOTO-2024-04-29-13-15-44-891x1024.jpg\" class=\"attachment-large size-large wp-image-7534\" alt=\"\" srcset=\"https:\/\/www.prenberisha.ch\/wp-content\/uploads\/2024\/05\/PHOTO-2024-04-29-13-15-44-891x1024.jpg 891w, https:\/\/www.prenberisha.ch\/wp-content\/uploads\/2024\/05\/PHOTO-2024-04-29-13-15-44-261x300.jpg 261w, https:\/\/www.prenberisha.ch\/wp-content\/uploads\/2024\/05\/PHOTO-2024-04-29-13-15-44-768x883.jpg 768w, https:\/\/www.prenberisha.ch\/wp-content\/uploads\/2024\/05\/PHOTO-2024-04-29-13-15-44-600x690.jpg 600w, https:\/\/www.prenberisha.ch\/wp-content\/uploads\/2024\/05\/PHOTO-2024-04-29-13-15-44.jpg 1284w\" sizes=\"(max-width: 660px) 100vw, 660px\" \/>\t\t\t\t\t\t\t\t\t\t\t\t\t<\/div>\n\t\t\t\t<\/div>\n\t\t\t\t\t<\/div>\n\t\t<\/div>\n\t\t\t\t\t<\/div>\n\t\t<\/section>\n\t\t<div class=\"elementor-element elementor-element-c334bf1 e-flex e-con-boxed e-con e-parent\" data-id=\"c334bf1\" data-element_type=\"container\">\n\t\t\t\t\t<div class=\"e-con-inner\">\n\t\t\t\t<div class=\"elementor-element elementor-element-8d5d855 elementor-widget elementor-widget-button\" data-id=\"8d5d855\" data-element_type=\"widget\" data-widget_type=\"button.default\">\n\t\t\t\t<div class=\"elementor-widget-container\">\n\t\t\t\t\t<div class=\"elementor-button-wrapper\">\n\t\t\t<a class=\"elementor-button elementor-button-link elementor-size-sm\" href=\"https:\/\/www.prenberisha.ch\/de\/arkiva\/\">\n\t\t\t\t\t\t<span class=\"elementor-button-content-wrapper\">\n\t\t\t\t\t\t<span class=\"elementor-button-icon elementor-align-icon-right\">\n\t\t\t\t<svg aria-hidden=\"true\" class=\"e-font-icon-svg e-fas-arrow-right\" viewbox=\"0 0 448 512\" xmlns=\"http:\/\/www.w3.org\/2000\/svg\"><path d=\"M190.5 66.9l22.2-22.2c9.4-9.4 24.6-9.4 33.9 0L441 239c9.4 9.4 9.4 24.6 0 33.9L246.6 467.3c-9.4 9.4-24.6 9.4-33.9 0l-22.2-22.2c-9.5-9.5-9.3-25 .4-34.3L311.4 296H24c-13.3 0-24-10.7-24-24v-32c0-13.3 10.7-24 24-24h287.4L190.9 101.2c-9.8-9.3-10-24.8-.4-34.3z\"><\/path><\/svg>\t\t\t<\/span>\n\t\t\t\t\t\t\t\t\t<span class=\"elementor-button-text\">Kalo n\u00eb Arkiv<\/span>\n\t\t\t\t\t<\/span>\n\t\t\t\t\t<\/a>\n\t\t<\/div>\n\t\t\t\t<\/div>\n\t\t\t\t<\/div>\n\t\t\t\t\t<\/div>\n\t\t\t\t<\/div>\n\t\t\t\t<\/div>","protected":false},"excerpt":{"rendered":"<p>Udha e Artit: Rrethimi i Pamjes nga nj\u00eb Piktor Pren Berisha Pren Gjok\u00eb Berisha lindi me 27. 03. 1963 n\u00eb fshatin Doberdol, shkoll\u00ebn fillore e kreu n\u00eb Ujmir\u00eb kurse t\u00eb mesmen n\u00eb Klin\u00eb, studioj n\u00eb Universitetin e Prishtin\u00eb n\u00eb fakultetin e bujqsis\u00eb. Pas keq\u00ebsimit t\u00eb gjendjes ekonomiko-politike n\u00eb Kosov\u00eb, ne fund te viteve `90-ta t\u00eb &hellip; <br \/><a href=\"https:\/\/www.prenberisha.ch\/de\/biografia\/\" class=\"more-link\">Continue reading <span class=\"screen-reader-text\">Biografia<\/span><\/a><\/p>","protected":false},"author":1,"featured_media":0,"parent":0,"menu_order":0,"comment_status":"closed","ping_status":"closed","template":"","meta":{"_monsterinsights_skip_tracking":false,"_monsterinsights_sitenote_active":false,"_monsterinsights_sitenote_note":"","_monsterinsights_sitenote_category":0,"footnotes":""},"class_list":["post-6996","page","type-page","status-publish","hentry"],"aioseo_notices":[],"jetpack_sharing_enabled":true,"_links":{"self":[{"href":"https:\/\/www.prenberisha.ch\/de\/wp-json\/wp\/v2\/pages\/6996","targetHints":{"allow":["GET"]}}],"collection":[{"href":"https:\/\/www.prenberisha.ch\/de\/wp-json\/wp\/v2\/pages"}],"about":[{"href":"https:\/\/www.prenberisha.ch\/de\/wp-json\/wp\/v2\/types\/page"}],"author":[{"embeddable":true,"href":"https:\/\/www.prenberisha.ch\/de\/wp-json\/wp\/v2\/users\/1"}],"replies":[{"embeddable":true,"href":"https:\/\/www.prenberisha.ch\/de\/wp-json\/wp\/v2\/comments?post=6996"}],"version-history":[{"count":131,"href":"https:\/\/www.prenberisha.ch\/de\/wp-json\/wp\/v2\/pages\/6996\/revisions"}],"predecessor-version":[{"id":7899,"href":"https:\/\/www.prenberisha.ch\/de\/wp-json\/wp\/v2\/pages\/6996\/revisions\/7899"}],"wp:attachment":[{"href":"https:\/\/www.prenberisha.ch\/de\/wp-json\/wp\/v2\/media?parent=6996"}],"curies":[{"name":"wp","href":"https:\/\/api.w.org\/{rel}","templated":true}]}}